{"id":18102,"date":"2022-03-01T11:16:26","date_gmt":"2022-03-01T10:16:26","guid":{"rendered":"https:\/\/formotor.com\/politique-de-confidentialite\/"},"modified":"2022-05-26T10:19:10","modified_gmt":"2022-05-26T09:19:10","slug":"politique-de-confidentialite","status":"publish","type":"page","link":"https:\/\/formotor.com\/fr\/politique-de-confidentialite\/","title":{"rendered":"Politique de confidentialit\u00e9"},"content":{"rendered":"<div style=\"text-align: justify;\">\n<p>    Cette politique de confidentialit\u00e9 s&rsquo;applique au site <a href=\"http:\/\/www.formotor.com\">www.formotor.com<\/a> (ci-apr\u00e8s, le site).<\/p>\n<p>    \u00a0Veuillez la lire attentivement. Vous y trouverez des informations importantes sur le traitement de vos donn\u00e9es personnelles et les droits qui vous sont reconnus par la r\u00e9glementation en vigueur en la mati\u00e8re.<\/p>\n<p>    \u00a0\u00a0Nous nous r\u00e9servons le droit de mettre \u00e0 jour notre politique de confidentialit\u00e9 \u00e0 tout moment en raison de d\u00e9cisions commerciales, ainsi que pour nous conformer \u00e0 toute modification de la l\u00e9gislation ou de la jurisprudence. Si vous avez des questions ou si vous avez besoin de pr\u00e9cisions concernant notre politique de confidentialit\u00e9 ou vos droits, vous pouvez nous contacter via les canaux indiqu\u00e9s ci-dessous.<\/p>\n<p>    Vous d\u00e9clarez que les donn\u00e9es que vous nous fournissez, maintenant ou \u00e0 l&rsquo;avenir, sont correctes et v\u00e9ridiques et vous vous engagez \u00e0 nous informer de toute modification de celles-ci. Si vous fournissez des donn\u00e9es personnelles de tiers, vous vous engagez \u00e0 obtenir le consentement pr\u00e9alable des personnes concern\u00e9es et \u00e0 les informer du contenu de cette politique.<\/p>\n<p>    Les champs de nos formulaires qui sont marqu\u00e9s comme obligatoires doivent \u00eatre remplis pour que nous puissions traiter votre demande.<\/p>\n<ol>\n<li style=\"font-weight: 400;\" aria-level=\"1\"><b>Qui est le responsable du traitement de vos donn\u00e9es\u00a0?\u00a0<\/b>\n<ul>\n<li aria-level=\"1\">Responsable\u00a0:\u202f<b>FORMENTERA MOTOR, S.L.<\/b>\u00a0\u202f\u00a0Adresse postale\u00a0:\u00a0C\/ Almadraba n\u00ba 34, local 13, La\u00a0Savina, 07870 Formentera (\u00celes Bal\u00e9ares), Espagne\u00a0\u00a0T\u00e9l\u00e9phone\u00a0:\u202f971 32 29 29\u202f\u00a0E-mail\u00a0:\u202frent@formotor.com\n    <\/li>\n<\/ul>\n<\/li>\n<li aria-level=\"1\"><b>Dans quel but traiterons-nous vos donn\u00e9es et sur quelle base l\u00e9gale\u00a0? <\/b>\n<ul>\n<li aria-level=\"1\"><b>Gestion de la relation avec les utilisateurs\u00a0:\u00a0<\/b>nous traitons\u00a0les donn\u00e9es\u00a0que\u00a0nos utilisateurs\u00a0fournissent dans\u00a0leurs\u00a0requ\u00eates pour\u00a0r\u00e9pondre \u00e0 leurs demandes.\u00a0Ces traitements\u00a0sont n\u00e9cessaires \u00e0 l&rsquo;ex\u00e9cution de la relation juridique avec les utilisateurs du site ou \u00e0 l&rsquo;application de mesures pr\u00e9contractuelles \u00e0 leur propre demande.\u00a0<b>Prestation des services demand\u00e9s et gestion des r\u00e9servations\u00a0: <\/b>Nous traitons\u00a0les donn\u00e9es\u00a0que\u00a0nos clients fournissent dans le formulaire de r\u00e9servation pour fournir les services\u00a0contract\u00e9s\u00a0et g\u00e9rer leur r\u00e9servation.\u00a0Les donn\u00e9es\u00a0des\u00a0transactions\u00a0effectu\u00e9es sur le site\u00a0seront\u00a0\u00e9galement trait\u00e9es \u00e0 des fins de gestion comptable et administrative et pour le\u00a0respect de nos obligations l\u00e9gales en mati\u00e8re comptable et fiscale.\n<p>    \u00a0Ce traitement est n\u00e9cessaire \u00e0 l&rsquo;ex\u00e9cution des conditions contractuelles de la r\u00e9servation ou du service.\u00a0<\/p>\n<p>    <b>Publication de commentaires.<\/b> Les donn\u00e9es fournies dans le formulaire de publication de commentaires sur notre blog seront trait\u00e9es pour l&rsquo;administration de cette fonctionnalit\u00e9.\u00a0<\/p>\n<p>    Votre nom et votre commentaire seront publi\u00e9s sur le site Web,  devenant ainsi des informations publiques. Vous devez faire preuve d&rsquo;une prudence accrue lorsque vous d\u00e9cidez de publier des commentaires ou de partager vos informations personnelles.<\/p>\n<p>    Si vous avez coch\u00e9 l&rsquo;option d&rsquo;enregistrement de votre nom, de votre adresse e-mail et de votre site Web, ces informations seront conserv\u00e9es dans votre propre navigateur. Pour ce faire, nous utilisons un cookie\u00a0(+\u00a0d&rsquo;informations\u00a0sur les cookies\u00a0dans notre\u00a0politique de cookies).\u00a0<\/p>\n<p>    Ces traitements\u00a0sont n\u00e9cessaires \u00e0 la fourniture du service demand\u00e9.\u00a0<\/p>\n<p>    Nous recueillons votre adresse e-mail pour la gestion des \u00e9ventuelles responsabilit\u00e9s d\u00e9coulant de l&rsquo;utilisation de la fonctionnalit\u00e9 de publication de commentaires. Ce traitement est fond\u00e9 sur notre int\u00e9r\u00eat l\u00e9gitime \u00e0 pouvoir identifier les auteurs des commentaires pour d&rsquo;\u00e9ventuelles violations des conditions d&rsquo;utilisation du site ou la perp\u00e9tration de d\u00e9lits. Pour mettre en balance cet int\u00e9r\u00eat et vos droits et libert\u00e9s, les \u00e9l\u00e9ments suivants ont \u00e9t\u00e9 pris en compte\u00a0: ce traitement est n\u00e9cessaire pour l&rsquo;administration d&rsquo;une fonctionnalit\u00e9 participative visant \u00e0 prot\u00e9ger les int\u00e9r\u00eats de tiers qui pourraient \u00eatre l\u00e9s\u00e9s par les commentaires post\u00e9s, et est conforme aux pratiques g\u00e9n\u00e9rales de s\u00e9curit\u00e9 et ne viole donc pas les attentes raisonnables des personnes concern\u00e9es et ne repr\u00e9sente pas de menaces significatives pour elles.<\/p>\n<p>    <b>Administration et gestion de la s\u00e9curit\u00e9 du site Web\u00a0:<\/b>\u00a0nous traitons les donn\u00e9es de navigation (adresses IP ou journaux) afin d&rsquo;administrer et de g\u00e9rer la s\u00e9curit\u00e9 du site Web. Ce traitement est fond\u00e9 sur notre int\u00e9r\u00eat l\u00e9gitime \u00e0 garantir la s\u00e9curit\u00e9 du site. Cet\u00a0int\u00e9r\u00eat\u00a0est express\u00e9ment reconnu par\u00a0le\u00a0consid\u00e9rant 49\u00a0du RGPD. Pour mettre en balance cet int\u00e9r\u00eat avec leurs droits et libert\u00e9s, il a \u00e9t\u00e9 tenu compte du fait que<b>\u00a0<\/b>ce traitement correspond \u00e0 des pratiques de s\u00e9curit\u00e9 g\u00e9n\u00e9ralis\u00e9es et ne constitue pas une menace significative pour les personnes concern\u00e9es.\u00a0\u00a0<\/p>\n<p>    <b>Finalit\u00e9s statistiques\u00a0et de gestion de la qualit\u00e9\u00a0:<\/b>\u00a0afin d&rsquo;\u00e9valuer et de g\u00e9rer la qualit\u00e9 de nos services, nous \u00e9tablissons des statistiques bas\u00e9es sur des donn\u00e9es agr\u00e9g\u00e9es obtenues \u00e0 partir des donn\u00e9es de transaction et des donn\u00e9es de navigation sur le site Web, par exemple l&rsquo;adresse IP, les weblogs, les pages visit\u00e9es ou les actions effectu\u00e9es sur le site Web (+ d&rsquo;informations dans notre politique en mati\u00e8re de cookies).\u00a0<\/p>\n<p>    Ces traitements sont fond\u00e9s sur notre int\u00e9r\u00eat l\u00e9gitime \u00e0 \u00e9valuer et g\u00e9rer la qualit\u00e9 de nos services. En mettant en balance cet int\u00e9r\u00eat et vos droits et libert\u00e9s, il a \u00e9t\u00e9 d\u00e9termin\u00e9 que le traitement avait un impact limit\u00e9 sur la vie priv\u00e9e des personnes concern\u00e9es, qu&rsquo;il correspondait aux attentes raisonnables des personnes concern\u00e9es et qu&rsquo;il ne repr\u00e9sentait pas de menaces significatives.\u00a0\u00a0<\/p>\n<p>    <b>Si l&rsquo;envoi de communications commerciales vous int\u00e9resse, veuillez nous en faire part :\u00a0<\/b><\/p>\n<p>    <b>Envoi de communications\u00a0commerciales\u00a0et gestion de listes de distribution\u00a0:\u00a0<\/b>nous traitons les donn\u00e9es d&rsquo;identification et de contact\u00a0fournies par\u00a0nos clients et utilisateurs pour g\u00e9rer notre liste de distribution et leur envoyer des communications\u00a0relatives \u00e0\u00a0nos services.\u00a0<\/p>\n<p>    Pour g\u00e9rer nos listes de diffusion, nous segmentons les destinataires de nos communications en fonction de leur march\u00e9 ou de leur langue. Ce traitement\u00a0consiste en une simple classification\u00a0selon des crit\u00e8res objectifs\u00a0et n&rsquo;a pas pour finalit\u00e9 la r\u00e9alisation de\u00a0profils commerciaux,\u00a0de\u00a0pr\u00e9visions ou\u00a0d&rsquo;analyses\u00a0comportementales.\u00a0<\/p>\n<p>    Ces\u00a0traitements\u00a0sont fond\u00e9s\u00a0sur notre int\u00e9r\u00eat l\u00e9gitime \u00e0 promouvoir nos services aupr\u00e8s de nos clients. En mettant en balance cet int\u00e9r\u00eat et vos droits et libert\u00e9s, il a \u00e9t\u00e9 d\u00e9termin\u00e9 que le traitement avait un impact limit\u00e9 sur la vie priv\u00e9e des personnes concern\u00e9es, qu&rsquo;il correspondait aux attentes raisonnables des personnes concern\u00e9es et qu&rsquo;il ne repr\u00e9sentait pas de menaces significatives.\u00a0\u00a0Ce traitement est \u00e9galement fond\u00e9 sur votre consentement \u00e0 recevoir ces communications par voie \u00e9lectronique. Ne pas donner son consentement ou\u00a0le retirer ne\u00a0conditionne pas l&rsquo;ex\u00e9cution de la commande ou la prestation des services contract\u00e9s.<\/p>\n<p>    \u00a0Vous pouvez \u00e0 tout moment demander votre retrait des traitements \u00e0 des fins commerciales\u00a0en activant le lien pr\u00e9vu \u00e0 cet effet dans nos communications ou en envoyant\u00a0un\u00a0e-mail <a href=\"about:blank\">\u00e0\u00a0rent@formotor.com<\/a>.<br \/>\n    \u00a0<\/li>\n<\/ul>\n<\/li>\n<li aria-level=\"1\"><b>Combien de temps conserverons-nous vos donn\u00e9es\u00a0?<\/b>\u00a0\u00a0\n<ul>\n<li>De mani\u00e8re g\u00e9n\u00e9rale, vos donn\u00e9es seront conserv\u00e9es pendant toute la dur\u00e9e de votre relation avec nous et, en tout \u00e9tat de cause, pendant les p\u00e9riodes pr\u00e9vues par les dispositions l\u00e9gales applicables et pendant le temps n\u00e9cessaire pour faire face aux \u00e9ventuelles responsabilit\u00e9s d\u00e9coulant du traitement. Nous supprimerons vos donn\u00e9es lorsqu&rsquo;elles ne seront plus n\u00e9cessaires ou pertinentes aux fins pour lesquelles elles ont \u00e9t\u00e9 collect\u00e9es. Les informations relatives \u00e0 la navigation seront annul\u00e9es une fois la connexion Web termin\u00e9e et les statistiques effectu\u00e9es.\u00a0Les donn\u00e9es trait\u00e9es pour l&rsquo;envoi de communications informatives resteront en vigueur tant que vous ne demanderez pas leur suppression.\u00a0\u00a0<\/li>\n<\/ul>\n<\/li>\n<li><b>\u00c0 qui pouvons-nous communiquer vos donn\u00e9es\u00a0?<\/b>\u00a0\n<ul>\n<li>Vos donn\u00e9es ne seront divulgu\u00e9es \u00e0 des tiers que si la loi l&rsquo;exige, avec votre consentement ou lorsque votre demande implique une telle divulgation.\u00a0<\/li>\n<\/ul>\n<\/li>\n<li><strong>Quels sont vos droits\u00a0? <\/strong><\/li>\n<\/ol>\n<p>    <b><\/b>Vous avez le droit d&rsquo;obtenir la confirmation que nous traitons ou non vos donn\u00e9es personnelles et, le cas \u00e9ch\u00e9ant, d&rsquo;y acc\u00e9der. Vous pouvez \u00e9galement demander que vos donn\u00e9es soient corrig\u00e9es si elles sont inexactes ou que les donn\u00e9es incompl\u00e8tes soient compl\u00e9t\u00e9es, ainsi que demander leur suppression si, entre autres raisons, les donn\u00e9es ne sont plus n\u00e9cessaires aux fins pour lesquelles elles ont \u00e9t\u00e9 collect\u00e9es.\u00a0<br \/>\n    Dans certaines circonstances, vous pouvez demander la limitation du traitement de vos donn\u00e9es. Dans un tel cas, nous ne traiterons les donn\u00e9es concern\u00e9es que pour la formulation, l&rsquo;exercice ou la d\u00e9fense de r\u00e9clamations ou en vue de prot\u00e9ger les droits d&rsquo;autrui. Sous certaines conditions et pour des raisons tenant \u00e0 votre situation personnelle, vous pouvez \u00e9galement vous opposer au traitement de vos donn\u00e9es. Dans ce cas, nous cesserons de traiter les donn\u00e9es, sauf pour des raisons l\u00e9gitimes imp\u00e9rieuses qui pr\u00e9valent sur vos int\u00e9r\u00eats ou vos droits et libert\u00e9s, ou pour la formulation, l&rsquo;exercice ou la d\u00e9fense de r\u00e9clamations. De m\u00eame, et sous certaines conditions, vous pouvez demander la portabilit\u00e9 de vos donn\u00e9es afin qu&rsquo;elles soient transmises \u00e0 un autre responsable du traitement.<\/p>\n<p>    Vous pouvez r\u00e9voquer le consentement que vous avez donn\u00e9 \u00e0 certaines fins, sans affecter la l\u00e9galit\u00e9 du traitement bas\u00e9 sur le consentement pr\u00e9alable \u00e0 son retrait, et d\u00e9poser une r\u00e9clamation aupr\u00e8s de l&rsquo;Agence espagnole de protection des donn\u00e9es.<\/p>\n<p>    \u00a0Pour exercer vos droits, vous devez nous adresser une demande accompagn\u00e9e d&rsquo;une copie de votre carte d&rsquo;identit\u00e9 nationale ou d&rsquo;un autre document valable permettant de vous identifier par courrier postal ou \u00e9lectronique aux adresses indiqu\u00e9es dans la section \u00ab\u00a0Qui est responsable du traitement de vos donn\u00e9es\u00a0\u00bb\u00a0?\u00a0<\/p>\n<p>    Vous pouvez obtenir plus d&rsquo;informations sur vos droits et comment les exercer sur le site de l&rsquo;Agence espagnole de protection des donn\u00e9es \u00e0 <a href=\"http:\/\/www.aepd.es\">http:\/\/www.aepd.es<\/a>.\u00a0<\/p><\/div>\n","protected":false},"excerpt":{"rendered":"<p>Cette politique de confidentialit\u00e9 s&rsquo;applique au site www.formotor.com (ci-apr\u00e8s, le site). \u00a0Veuillez la lire attentivement. Vous y trouverez des informations [&hellip;]<\/p>\n","protected":false},"author":1,"featured_media":0,"parent":0,"menu_order":0,"comment_status":"closed","ping_status":"closed","template":"","meta":{"_acf_changed":false,"footnotes":""},"class_list":["post-18102","page","type-page","status-publish","hentry"],"acf":[],"_links":{"self":[{"href":"https:\/\/formotor.com\/fr\/wp-json\/wp\/v2\/pages\/18102","targetHints":{"allow":["GET"]}}],"collection":[{"href":"https:\/\/formotor.com\/fr\/wp-json\/wp\/v2\/pages"}],"about":[{"href":"https:\/\/formotor.com\/fr\/wp-json\/wp\/v2\/types\/page"}],"author":[{"embeddable":true,"href":"https:\/\/formotor.com\/fr\/wp-json\/wp\/v2\/users\/1"}],"replies":[{"embeddable":true,"href":"https:\/\/formotor.com\/fr\/wp-json\/wp\/v2\/comments?post=18102"}],"version-history":[{"count":1,"href":"https:\/\/formotor.com\/fr\/wp-json\/wp\/v2\/pages\/18102\/revisions"}],"predecessor-version":[{"id":18401,"href":"https:\/\/formotor.com\/fr\/wp-json\/wp\/v2\/pages\/18102\/revisions\/18401"}],"wp:attachment":[{"href":"https:\/\/formotor.com\/fr\/wp-json\/wp\/v2\/media?parent=18102"}],"curies":[{"name":"wp","href":"https:\/\/api.w.org\/{rel}","templated":true}]}}