{"id":18190,"date":"2021-01-27T17:08:41","date_gmt":"2021-01-27T16:08:41","guid":{"rendered":"https:\/\/formotor.com\/flota\/unkategorisiert\/fiat-500l-oder-aehnliches-modell\/"},"modified":"2024-07-01T00:00:51","modified_gmt":"2024-06-30T23:00:51","slug":"fiat-500l-oder-ahnlich","status":"publish","type":"product","link":"https:\/\/formotor.com\/de\/flotte\/mietwagen-auf-formentera\/fiat-500l-oder-ahnlich\/","title":{"rendered":"Fiat 500L oder \u00e4hnliches Modell"},"content":{"rendered":"<h1>Miete Fiat 500L auf Formentera<\/h1>\n<p>Ein \u00e4sthetisch urbaner und raffinierter Van im Retro-Stil, angepasst f\u00fcr das Wohlbefinden und den Komfort seiner Insassen. Der Fiat 500L bietet Platz f\u00fcr bis zu 5 Personen. F\u00fcr mehr Freiheit hat dasselbe Fahrzeug 5 T\u00fcren und einen ger\u00e4umigen Kofferraum von insgesamt 455 Litern.<\/p>\n<p>Auf einen Blick erkennen wir die Pers\u00f6nlichkeit in seiner Karosserie, seiner Farbgebung und seiner imposanten Pr\u00e4senz, ohne seine Wurzeln im Fiat 500 zu vergessen. Eine Option, die Sie w\u00e4hrend Ihres Urlaubs auf Formentera ber\u00fccksichtigen sollten.<\/p>\n<h2>Warum einen Fiat 500L mieten?<\/h2>\n<p>Weil es ein sehr ger\u00e4umiges und komfortables Gef\u00e4hrt ist, mit dem Sie sich mit allen n\u00f6tigen Utensilien fortbewegen k\u00f6nnen, ohne sich entscheiden oder auf etwas verzichten zu m\u00fcssen&#8230;<\/p>\n","protected":false},"excerpt":{"rendered":"<p>Miete Fiat 500L auf Formentera Ein \u00e4sthetisch urbaner und raffinierter Van im Retro-Stil, angepasst f\u00fcr das Wohlbefinden und den Komfort [&hellip;]<\/p>\n","protected":false},"featured_media":17503,"comment_status":"closed","ping_status":"closed","template":"","meta":{"_acf_changed":false},"product_cat":[487],"product_tag":[],"class_list":{"0":"post-18190","1":"product","2":"type-product","3":"status-publish","4":"has-post-thumbnail","6":"product_cat-mietwagen-auf-formentera","8":"first","9":"instock","10":"sale","11":"purchasable","12":"product-type-simple"},"acf":[],"_links":{"self":[{"href":"https:\/\/formotor.com\/de\/wp-json\/wp\/v2\/product\/18190","targetHints":{"allow":["GET"]}}],"collection":[{"href":"https:\/\/formotor.com\/de\/wp-json\/wp\/v2\/product"}],"about":[{"href":"https:\/\/formotor.com\/de\/wp-json\/wp\/v2\/types\/product"}],"replies":[{"embeddable":true,"href":"https:\/\/formotor.com\/de\/wp-json\/wp\/v2\/comments?post=18190"}],"wp:featuredmedia":[{"embeddable":true,"href":"https:\/\/formotor.com\/de\/wp-json\/wp\/v2\/media\/17503"}],"wp:attachment":[{"href":"https:\/\/formotor.com\/de\/wp-json\/wp\/v2\/media?parent=18190"}],"wp:term":[{"taxonomy":"product_cat","embeddable":true,"href":"https:\/\/formotor.com\/de\/wp-json\/wp\/v2\/product_cat?post=18190"},{"taxonomy":"product_tag","embeddable":true,"href":"https:\/\/formotor.com\/de\/wp-json\/wp\/v2\/product_tag?post=18190"}],"curies":[{"name":"wp","href":"https:\/\/api.w.org\/{rel}","templated":true}]}}